{"id":975,"date":"2013-11-08T23:22:29","date_gmt":"2013-11-09T04:22:29","guid":{"rendered":"https:\/\/my.dev.vanderbilt.edu\/heimat\/?page_id=975"},"modified":"2013-12-15T00:54:06","modified_gmt":"2013-12-15T05:54:06","slug":"links-heimatfilme","status":"publish","type":"page","link":"https:\/\/my.dev.vanderbilt.edu\/heimat\/links-heimatfilme\/","title":{"rendered":"Links: Heimatfilme"},"content":{"rendered":"<p><strong>Links zu\u00a0<em>Heimatfilmen<\/em> und zu Filmen, die etwas mit dem Genre <em>Heimatfilm <\/em>zu tun haben:<\/strong><\/p>\n<p><strong><em>Heimat<\/em> (Carl Froelich, 1938)<\/strong><\/p>\n<ul>\n<li><a href=\"http:\/\/www.youtube.com\/watch?v=HgEy8GhnMx0\" target=\"_blank\">Link zu\u00a0<em>Heimat<\/em> auf YouTube<\/a><\/li>\n<li><a href=\"http:\/\/de.metapedia.org\/wiki\/Heimat_(Film)\" target=\"_blank\"><em>Heimat<\/em> \u2013 Zusammenfassung auf Deutsch<\/a><\/li>\n<li><a href=\"http:\/\/de.wikipedia.org\/wiki\/Heimat_(1938)\" target=\"_blank\">Kurze Zusammenfassung von\u00a0<em>Heimat<\/em><\/a><\/li>\n<li><a href=\"http:\/\/www.zarahleander.de\/biografie.html\" target=\"_blank\">Zarah Leander (1907-1981)<\/a><\/li>\n<li><a href=\"http:\/\/www.imdb.com\/title\/tt0030226\/\" target=\"_blank\"><em>Magda<\/em> (dvd-Titel in USA) (imdb)<\/a><\/li>\n<li><em><a href=\"http:\/\/www.fwm-stiftung.de\/movie\/355\" target=\"_blank\">Heimat (Murnau Stiftung)<\/a><\/em><\/li>\n<\/ul>\n<p><strong><em>Schwarzwaldm\u00e4del<\/em> (Hans Deppe, 1950)<\/strong><\/p>\n<ul>\n<li><a href=\"http:\/\/de.wikipedia.org\/wiki\/Schwarzwaldm%C3%A4del_(1950)\" target=\"_blank\"><em>Schwarzwaldm\u00e4del <\/em>(wikipedia-Deutsch)<\/a><\/li>\n<li><a href=\"http:\/\/www.imdb.com\/title\/tt0042932\/\" target=\"_blank\"><em>Schwarzwaldm\u00e4del<\/em> (imdb info)<\/a><\/li>\n<li><a href=\"http:\/\/en.wikipedia.org\/wiki\/Black_Forest\" target=\"_blank\">Der Schwarzwald\u00a0(Gebiet im s\u00fcdwestlichen Deutschland, im Bundesland Baden-W\u00fcrttemberg)<\/a><\/li>\n<li><a href=\"http:\/\/de.wikipedia.org\/wiki\/Bollenhut\" target=\"_blank\">Der Bollenhut\u00a0(Symbol des Schwarzwaldes)<\/a><\/li>\n<li><a href=\"http:\/\/de.wikipedia.org\/wiki\/St._Peter_(Hochschwarzwald)\" target=\"_blank\">St. Peter im Schwarzwald (der Ort hei\u00dft St. Christoph im Film)<\/a><\/li>\n<li><a href=\"http:\/\/en.wikipedia.org\/wiki\/Abbey_of_Saint_Peter_in_the_Black_Forest\" target=\"_blank\">Das Kloster St. Peter (Benediktiner Kloster)<\/a><\/li>\n<li><a href=\"http:\/\/en.wikipedia.org\/wiki\/Baden-Baden\" target=\"_blank\">Baden-Baden (ber\u00fchmter Kurort, einige Autostunden weg von St. Peter)<\/a><\/li>\n<li><a href=\"http:\/\/www.chefkoch.de\/rezepte\/69991026035641\/Schwarzwaelder-Kirschtorte.html\" target=\"_blank\">Schwarzw\u00e4lderkirschtorte<\/a><\/li>\n<\/ul>\n<p><strong><em>Gr\u00fcn ist die Heide <\/em>(Hans Deppe, 1951)<\/strong><\/p>\n<ul>\n<li><a href=\"http:\/\/www.imdb.com\/title\/tt0043605\/\" target=\"_blank\"><em>Gr\u00fcn ist die Heide <\/em>(imdb)<\/a><\/li>\n<li><a href=\"http:\/\/en.wikipedia.org\/wiki\/L%C3%BCneburg_Heath\" target=\"_blank\">Die L\u00fcneberger Heide<\/a><\/li>\n<li><a href=\"http:\/\/de.wikipedia.org\/wiki\/Vertreibung\" target=\"_blank\">Vertreibung der Deutschen nach dem Zweiten Weltkrieg<\/a><\/li>\n<li><a href=\"http:\/\/en.wikipedia.org\/wiki\/Sudetenland\" target=\"_blank\">Sudetenland (in Neuenburg [Nymburk] wohnten L\u00fcdersen, Helga, Nora)<\/a><\/li>\n<li><a href=\"http:\/\/en.wikipedia.org\/wiki\/Nymburk\" target=\"_blank\">Nymburk (Neuenburg) in Sudetenland (Czech Republik)<\/a><\/li>\n<li><a href=\"http:\/\/de.wikipedia.org\/wiki\/Sudeten\" target=\"_blank\">Sudeten<\/a><\/li>\n<li><a href=\"http:\/\/de.wikipedia.org\/wiki\/Riesengebirgslied\" target=\"_blank\">Das Riesengebirgslied<\/a><\/li>\n<li><a href=\"http:\/\/www.youtube.com\/watch?v=gRh0qqMzmF4\" target=\"_blank\">Riesengebirgslied (YouTube)<\/a><\/li>\n<li><a href=\"http:\/\/www.youtube.com\/watch?v=lFRnDHDkKQ4\" target=\"_blank\">Riesengebirgslied (YouTube mit vielen Fotos)<\/a><\/li>\n<li><a href=\"http:\/\/www.maxilyrics.com\/heino-riesengebirglers-heimatlied-lyrics-47a1.html\" target=\"_blank\">Text zum Riesengebirgslied<\/a><\/li>\n<li><a href=\"http:\/\/en.wikipedia.org\/wiki\/Krkono%C5%A1e\" target=\"_blank\">Riesengebirge (B\u00f6hmen-Schlesien: Karte \u2013 heute Polen und Tschechien)<\/a><\/li>\n<li><a href=\"http:\/\/en.wikipedia.org\/wiki\/R%C3%BCbezahl\" target=\"_blank\">R\u00fcbezahl (Geist der Berge)<\/a><\/li>\n<li><a href=\"http:\/\/en.wikipedia.org\/wiki\/Sarrasani\" target=\"_blank\">Zirkus Sarrasani (Dresden) (im Film: Circus Sarrano)<\/a><\/li>\n<li><a href=\"http:\/\/en.wikipedia.org\/wiki\/Sch%C3%BCtzenfest\" target=\"_blank\">Sch\u00fctzenfest<\/a><\/li>\n<li><a href=\"http:\/\/www.youtube.com\/watch?v=7SafF7AgNzg&amp;noredirect=1\" target=\"_blank\">Volkslied:\u00a0\u201cAuf der L\u00fcneburger Heide\u201d<\/a><\/li>\n<li><a href=\"http:\/\/www.youtube.com\/watch?v=5-tqbabltrw\" target=\"_blank\">Heimatlied:\u00a0\u201cGr\u00fcn ist die Heide\u201d<\/a><\/li>\n<li><a href=\"http:\/\/en.wikipedia.org\/wiki\/Gun_politics_in_Germany\" target=\"_blank\">Waffenbesitz in Deutschland nach 1945<\/a><\/li>\n<li><a href=\"http:\/\/en.wikipedia.org\/wiki\/German_residence_permit\" target=\"_blank\">Aufenthaltserlaubnis\u00a0(limited residence permit)<\/a><\/li>\n<\/ul>\n<p><strong><em>Am Brunnen vor dem Tore<\/em> (Hans Wolff, 1952)<\/strong><\/p>\n<ul>\n<li><a href=\"http:\/\/www.imdb.com\/title\/tt0044346\/\" target=\"_blank\">&#8220;Am Brunnen vor dem Tore&#8221; (Hans Wolff, 1952) (imdb info)<\/a><\/li>\n<li><a href=\"Wikepedia)\" target=\"_blank\">&#8220;Am Brunnen vor dem Tore&#8221; (Hans Wolff, 1952) (Info: Wikepedia)<\/a><\/li>\n<li><a href=\"http:\/\/en.wikipedia.org\/wiki\/Dinkelsb\u00fchl\" target=\"_blank\">Dinkelsb\u00fchl (Bayern, bei Ansbach)<\/a><\/li>\n<li><a href=\"http:\/\/www.bavaria.by\/kinderzeche-dinkelsbuehl-festivals-germany\" target=\"_blank\">Dinkelsb\u00fchl (Bayern): Kinderzeche (Fest seit 100 Jahren \u00fcber die Rettung der Stadt im 30. J\u00e4hrigen Krieg)<\/a><\/li>\n<li><a href=\"http:\/\/www.youtube.com\/watch?v=CUgE2hKneQ0\" target=\"_blank\">Kinderzeche in Dinkelsb\u00fchl (2013) (Volksfest &#8211; Kinderzeche: children&#8217;s festival)<\/a><\/li>\n<li><a href=\"http:\/\/ingeb.org\/Lieder\/AmBrunne.html\" target=\"_blank\">&#8220;Am Brunnen vor dem Tore&#8221; (Lied: Text &#8211; Wilhelm M\u00fcller, 1822)<\/a><\/li>\n<\/ul>\n<p><strong><em>Comedian Harmonists<\/em> (Joseph Vilsmeier, 1997)<\/strong><\/p>\n<ul>\n<li><a href=\"http:\/\/en.wikipedia.org\/wiki\/Comedian_Harmonists\" target=\"_blank\"><em>The Comedian Harmonists<\/em> (1928-1934)<\/a><\/li>\n<li><a href=\"http:\/\/www.imdb.com\/title\/tt0128133\/\" target=\"_blank\"><em>The Harmonists<\/em> (imdb) (US-Filmtitel)<\/a><\/li>\n<li><a href=\"http:\/\/www.ushmm.org\/wlc\/en\/article.php?ModuleId=10007316\" target=\"_blank\">Julius Streicher (1885-1946)<\/a><\/li>\n<li><a href=\"http:\/\/en.wikipedia.org\/wiki\/Badenweiler_Marsch\" target=\"_blank\">\u201cDer Badenweilermarsch\u201d<\/a><\/li>\n<\/ul>\n<p><strong><em>Wer fr\u00fcher stirbt, ist l\u00e4nger tot<\/em> (Marcus Rosenm\u00fcller, 2006)<\/strong><\/p>\n<ul>\n<li><a href=\"http:\/\/www.youtube.com\/watch?v=KeUChkNyQ2k\" target=\"_blank\"><em>Wer fr\u00fcher stirbt, ist l\u00e4nger tot <\/em>(Trailer)<\/a><\/li>\n<li><a href=\"http:\/\/www.imdb.com\/title\/tt0780180\/\" target=\"_blank\"><em>Wer fr\u00fcher stirbt, ist l\u00e4nger tot\u00a0(<\/em>Info<em>: <\/em>imdb)<\/a><\/li>\n<\/ul>\n<p><strong><em>Das wei\u00dfe Band. Eine deutsche Kindergeschichte<\/em> (Michael Haneke, 2009)<br \/>\n<\/strong><\/p>\n<ul>\n<li><a href=\"http:\/\/www.dasweisseband.at\/\" target=\"_blank\">Offizielle Webseite<\/a><\/li>\n<li><a href=\"http:\/\/www.spiegel.de\/kultur\/kino\/oscar-kandidat-das-weisse-band-monster-im-dorf-a-654825.html\" target=\"_blank\">Oscar-Kandidat \u201cDas wei\u00dfe Band\u201d: Monster im Dorf<\/a><\/li>\n<li><a href=\"http:\/\/www.zeit.de\/2009\/42\/Das-weisse-Band\" target=\"_blank\">\u201cVon diesen Kindern stammen wir ab? Michael Hanekes Film \u201cDas wei\u00dfe Band\u201d erforscht das Schweigen der Deutschen vor dem Ersten Weltkrieg\u201d<\/a><\/li>\n<li><a href=\"http:\/\/de.wikipedia.org\/wiki\/Das_wei%C3%9Fe_Band_%E2%80%93_Eine_deutsche_Kindergeschichte\" target=\"_blank\">\u201cDas wei\u00dfe Band\u201d<\/a><\/li>\n<\/ul>\n<p><strong><em>Almanya \u2013 Willkommen in Deutschland <\/em>(Yasemin Samdereli, 2011)<\/strong><\/p>\n<ul>\n<li><a href=\"http:\/\/www.zeit.de\/kultur\/film\/2011-03\/almanya-film\" target=\"_blank\">\u201cFilm \u2018Almanya.\u2019 Integration zum Lachen\u201d (Zeit-Online: 9.3.11)<\/a><\/li>\n<li><a href=\"http:\/\/www.dradio.de\/dkultur\/sendungen\/thema\/1386399\/\" target=\"_blank\">\u201cAlmanya. Miteinander \u00fcbereinander lachen\u201d (Deutschlandradiokultur: 11.2.11)<\/a><\/li>\n<li><em><a href=\"http:\/\/www.imdb.com\/title\/tt1630027\/\" target=\"_blank\">Almanya \u2013 Willkommen in Deutschland (Info: imdb)<\/a><\/em><\/li>\n<li><a href=\"https:\/\/maps.google.com\/maps?client=safari&amp;q=map+anatolien&amp;ie=UTF-8&amp;hq=&amp;hnear=0x14d40d624e0893c1:0x96e57574f897a2d4,Anatolia&amp;gl=us&amp;ei=zQpRUpeJHIXM9gTc34D4DQ&amp;ved=0CCkQ8gEwAA\" target=\"_blank\">Karte \u2013 Anatolien<\/a><\/li>\n<\/ul>\n<p><strong><em>Lore <\/em>(Cate Shortland, 2012)<\/strong><\/p>\n<ul>\n<li><a href=\"http:\/\/www.piffl-medien.de\/piffl_db_filme\/lore\/download\/Medienpaedagogisches-Begleitheft-LORE.pdf\" target=\"_blank\"><em>Lore<\/em> (Piffelmedien:\u00a0Medienp\u00e4dagogisches Begleitheft)<\/a><\/li>\n<li><a href=\"http:\/\/de.wikipedia.org\/wiki\/Mutterkreuz\" target=\"_blank\">Ehrenkreuz der Deutschen Mutter\u00a0(Mutterkreuz)<\/a><\/li>\n<li><a href=\"http:\/\/www.matthias-film.de\/downloads\/unterrichtsmaterialien\/lore\/LORE_DIDAKTIK_GESAMT.pdf\" target=\"_blank\">Mattthias-film.de: Unterrichtsmaterialien zu\u00a0<em>Lor<\/em>e (gute Karten und Info zur Geschichte)<\/a><\/li>\n<li><a href=\"http:\/\/en.wikipedia.org\/wiki\/Cross_of_Honor_of_the_German_Mother\" target=\"_blank\">Cross of Honor of the German Mother<\/a><\/li>\n<li><a href=\"http:\/\/www.youtube.com\/watch?v=xrmUakHKFoc\" target=\"_blank\">Der gute Kamerad (Lied: YouTube)<\/a><\/li>\n<li><a href=\"http:\/\/de.wikipedia.org\/wiki\/Deutscher_Wald\" target=\"_blank\">Deutscher Wald (Metapher)<\/a><\/li>\n<li><a href=\"http:\/\/www.ebay.com\/itm\/Alte-Rosenthal-Figur-Rehkitz-Reh-Porzellanfigur-Porzellanreh-Rehfigur-Figurine-\/171068839676?pt=Porzellan_Keramik&amp;hash=item27d47f56fc\">Bambi (Alte Rosenthal Figur Rehkitz Reh Porzellanfigur Porzellanreh Rehfigur Figurine)<\/a><\/li>\n<li><a href=\"http:\/\/www.youtube.com\/watch?v=A89VN1W85l0\" target=\"_blank\">\u201cDer Mond ist aufgegangen\u201d (Lied: Matthias Claudius, 1778)<\/a><\/li>\n<li><a href=\"http:\/\/en.wikipedia.org\/wiki\/Black_Forest\" target=\"_blank\">der Schwarzwald (im S\u00fcdwesten, wo Lore mit den Eltern war)<\/a><\/li>\n<li><a href=\"https:\/\/maps.google.com\/maps?client=safari&amp;oe=UTF-8&amp;q=husum+germany&amp;ie=UTF-8&amp;hq=&amp;hnear=0x47b37fd91610987b:0x9677a9ec82d7f1fc,Husum,+Germany&amp;gl=us&amp;ei=3VxoUurAFYqvkAfht4GQAQ&amp;ved=0CKoBELYD\" target=\"_blank\">Husum (im heutigen Schleswig-Holstein, wo die Oma wohnt: Lores Ziel)<\/a><\/li>\n<\/ul>\n<p>&nbsp;<\/p>\n","protected":false},"excerpt":{"rendered":"<p>Links zu\u00a0Heimatfilmen und zu Filmen, die etwas mit dem Genre Heimatfilm zu tun haben: Heimat (Carl Froelich, 1938) Link zu\u00a0Heimat auf YouTube Heimat \u2013 Zusammenfassung auf Deutsch Kurze Zusammenfassung von\u00a0Heimat Zarah Leander (1907-1981) Magda (dvd-Titel in USA) (imdb) Heimat (Murnau &hellip; <a href=\"https:\/\/my.dev.vanderbilt.edu\/heimat\/links-heimatfilme\/\">Continue reading <span class=\"meta-nav\">&rarr;<\/span><\/a><\/p>\n","protected":false},"author":1595,"featured_media":0,"parent":0,"menu_order":0,"comment_status":"open","ping_status":"closed","template":"","meta":{"footnotes":""},"class_list":["post-975","page","type-page","status-publish","hentry"],"_links":{"self":[{"href":"https:\/\/my.dev.vanderbilt.edu\/heimat\/wp-json\/wp\/v2\/pages\/975","targetHints":{"allow":["GET"]}}],"collection":[{"href":"https:\/\/my.dev.vanderbilt.edu\/heimat\/wp-json\/wp\/v2\/pages"}],"about":[{"href":"https:\/\/my.dev.vanderbilt.edu\/heimat\/wp-json\/wp\/v2\/types\/page"}],"author":[{"embeddable":true,"href":"https:\/\/my.dev.vanderbilt.edu\/heimat\/wp-json\/wp\/v2\/users\/1595"}],"replies":[{"embeddable":true,"href":"https:\/\/my.dev.vanderbilt.edu\/heimat\/wp-json\/wp\/v2\/comments?post=975"}],"version-history":[{"count":17,"href":"https:\/\/my.dev.vanderbilt.edu\/heimat\/wp-json\/wp\/v2\/pages\/975\/revisions"}],"predecessor-version":[{"id":977,"href":"https:\/\/my.dev.vanderbilt.edu\/heimat\/wp-json\/wp\/v2\/pages\/975\/revisions\/977"}],"wp:attachment":[{"href":"https:\/\/my.dev.vanderbilt.edu\/heimat\/wp-json\/wp\/v2\/media?parent=975"}],"curies":[{"name":"wp","href":"https:\/\/api.w.org\/{rel}","templated":true}]}}